{"id":213724,"date":"2021-07-17T13:05:30","date_gmt":"2021-07-17T12:05:30","guid":{"rendered":"https:\/\/paroisse-catho-hausbergen.fr\/?page_id=213724"},"modified":"2024-11-10T20:28:01","modified_gmt":"2024-11-10T19:28:01","slug":"pastorale","status":"publish","type":"page","link":"https:\/\/paroisse-catho-hausbergen.fr\/home\/home\/pastorale\/","title":{"rendered":"Pastorale"},"content":{"rendered":"<p>[et_pb_section fb_built=\u00a0\u00bb1&Prime; _builder_version=\u00a0\u00bb4.16&Prime; _module_preset=\u00a0\u00bbdefault\u00a0\u00bb background_image=\u00a0\u00bbhttps:\/\/paroisse-catho-hausbergen.fr\/wp-content\/uploads\/2021\/07\/ez9QDft_.jpg\u00a0\u00bb background_enable_video_mp4=\u00a0\u00bboff\u00a0\u00bb global_colors_info=\u00a0\u00bb{}\u00a0\u00bb][et_pb_row column_structure=\u00a0\u00bb1_4,3_4&Prime; _builder_version=\u00a0\u00bb4.16&Prime; _module_preset=\u00a0\u00bbdefault\u00a0\u00bb global_colors_info=\u00a0\u00bb{}\u00a0\u00bb][et_pb_column type=\u00a0\u00bb1_4&Prime; _builder_version=\u00a0\u00bb4.16&Prime; _module_preset=\u00a0\u00bbdefault\u00a0\u00bb custom_padding=\u00a0\u00bb|||0px|false|false\u00a0\u00bb global_colors_info=\u00a0\u00bb{}\u00a0\u00bb][et_pb_text _builder_version=\u00a0\u00bb4.16&Prime; _module_preset=\u00a0\u00bbdefault\u00a0\u00bb text_font=\u00a0\u00bbTimes New Roman|||on|||||\u00a0\u00bb text_text_color=\u00a0\u00bb#E09900&Prime; text_font_size=\u00a0\u00bb32px\u00a0\u00bb text_line_height=\u00a0\u00bb1.6em\u00a0\u00bb header_font=\u00a0\u00bb|||on|||||\u00a0\u00bb header_text_align=\u00a0\u00bbleft\u00a0\u00bb header_text_color=\u00a0\u00bb#000000&Prime; text_text_shadow_style=\u00a0\u00bbpreset1&Prime; text_text_shadow_color=\u00a0\u00bb#0C71C3&Prime; header_text_shadow_style=\u00a0\u00bbpreset2&Prime; header_text_shadow_color=\u00a0\u00bb#0C71C3&Prime; global_colors_info=\u00a0\u00bb{%22gcid-dc57d610-8e3c-4939-bef6-395ae992e5a6%22:%91%93,%22gcid-7de2ae0b-4074-4f5b-aed1-1ca22ab66fb1%22:%91%93}\u00a0\u00bb]<\/p>\n<p>La pastorale de la paroisse<\/p>\n<p>[\/et_pb_text][\/et_pb_column][et_pb_column type=\u00a0\u00bb3_4&Prime; _builder_version=\u00a0\u00bb4.16&Prime; _module_preset=\u00a0\u00bbdefault\u00a0\u00bb custom_padding=\u00a0\u00bb|||23px|false|false\u00a0\u00bb global_colors_info=\u00a0\u00bb{}\u00a0\u00bb][et_pb_accordion open_toggle_background_color=\u00a0\u00bbrgba(224,209,0,0.79)\u00a0\u00bb closed_toggle_text_color=\u00a0\u00bb#000000&Prime; closed_toggle_background_color=\u00a0\u00bbrgba(255,255,255,0.52)\u00a0\u00bb icon_color=\u00a0\u00bbgcid-ba4661dc-0cb6-40c3-8197-255ff8e02fe3&Prime; _builder_version=\u00a0\u00bb4.27.3&Prime; _dynamic_attributes=\u00a0\u00bblink_option_url\u00a0\u00bb _module_preset=\u00a0\u00bbdefault\u00a0\u00bb body_text_color=\u00a0\u00bb#000000&Prime; body_font_size=\u00a0\u00bb19px\u00a0\u00bb background_enable_image=\u00a0\u00bboff\u00a0\u00bb link_option_url=\u00a0\u00bb@ET-DC@eyJkeW5hbWljIjp0cnVlLCJjb250ZW50IjoicG9zdF9saW5rX3VybF9wYWdlIiwic2V0dGluZ3MiOnsicG9zdF9pZCI6IjIxMzkyMCJ9fQ==@\u00a0\u00bb hover_enabled=\u00a0\u00bb0&Prime; global_colors_info=\u00a0\u00bb{%22gcid-dc57d610-8e3c-4939-bef6-395ae992e5a6%22:%91%93,%22gcid-7de2ae0b-4074-4f5b-aed1-1ca22ab66fb1%22:%91%93,%22gcid-ba4661dc-0cb6-40c3-8197-255ff8e02fe3%22:%91%22icon_color%22%93}\u00a0\u00bb sticky_enabled=\u00a0\u00bb0&Prime;][et_pb_accordion_item title=\u00a0\u00bbInscription Sacrements\u00a0\u00bb open=\u00a0\u00bbon\u00a0\u00bb closed_toggle_text_color=\u00a0\u00bb#000000&Prime; _builder_version=\u00a0\u00bb4.27.0&Prime; _dynamic_attributes=\u00a0\u00bblink_option_url\u00a0\u00bb _module_preset=\u00a0\u00bbdefault\u00a0\u00bb body_font=\u00a0\u00bb||||||||\u00a0\u00bb body_text_color=\u00a0\u00bb#000000&Prime; link_option_url=\u00a0\u00bb@ET-DC@eyJkeW5hbWljIjp0cnVlLCJjb250ZW50IjoicG9zdF9saW5rX3VybF9wYWdlIiwic2V0dGluZ3MiOnsicG9zdF9pZCI6IjIxNDQ2MyJ9fQ==@\u00a0\u00bb global_colors_info=\u00a0\u00bb{}\u00a0\u00bb]<\/p>\n<div class=\"vc_toggle_content\">\n<h2 class=\"entry-title\">La pr\u00e9paration aux sacrements<\/h2>\n<div class=\"entry-content\">\n<p>La pr\u00e9paration aux sacrements<\/p>\n<p><em>Bapt\u00eames :<\/em><\/p>\n<ul>\n<li>Ils sont c\u00e9l\u00e9br\u00e9s au cours d\u2019une messe du week-end ou apr\u00e8s la messe du dimanche \u00e0 11h30, ou encore le samedi.<\/li>\n<li>La pr\u00e9paration se fait \u00e0 domicile ou presbyt\u00e8re.<\/li>\n<\/ul>\n<p><em>Premi\u00e8re Communion :<\/em><\/p>\n<ul>\n<li>La pr\u00e9paration du Premier Pardon (sacrement de la R\u00e9conciliation) et de la Premi\u00e8re Communion (sacrement de l\u2019Eucharistie) est propos\u00e9e aux enfants \u00e0 partir de l\u2019entr\u00e9e au CE2.\u00a0Pour faire sa Premi\u00e8re Communion, l\u2019enfant doit \u00eatre baptis\u00e9.<\/li>\n<li class=\"x_gmail-MsoNoSpacing\">Pour aider les enfants \u00e0 grandir dans la foi, des rencontres au foyer paroissial sont organis\u00e9es tout au long de l\u2019ann\u00e9e scolaire ainsi que des temps forts tels que les messes des familles, No\u00ebl, P\u00e2ques \u2026<\/li>\n<li class=\"x_gmail-MsoNoSpacing\">Lors d\u2019une r\u00e9union des parents en septembre, le planning, le contenu du parcours, le th\u00e8me de l\u2019ann\u00e9e et les projets qui jalonneront l\u2019ann\u00e9e de pr\u00e9paration sont pr\u00e9sent\u00e9s.<\/li>\n<li class=\"x_gmail-MsoNoSpacing\">En inscrivant leur enfant, les parents s\u2019engagent \u00e0 accompagner et \u00e0 soutenir de leur mieux ce cheminement.<\/li>\n<\/ul>\n<p><em>Profession de Foi \/ Confirmation :<\/em><\/p>\n<ul>\n<li>Les deux d\u00e9marches se font au cours d\u2019une m\u00eame c\u00e9l\u00e9bration. Les r\u00e9unions ont lu au foyer Sainte Odile tous les 15 jours hors vacances scolaires. Le jour est arr\u00eat\u00e9 avec les parents en d\u00e9but d\u2019ann\u00e9e.<\/li>\n<\/ul>\n<p>Les inscriptions \u00e0 la Premi\u00e8re Communion et \u00e0 la Profession de Foi\/Confirmation doivent se faire imp\u00e9rativement avant la fin septembre.<\/p>\n<p><strong>Contact :<\/strong> Presbyt\u00e8re\u00a0 \u2013 T\u00e9l. : 03 88 56 10 67<\/p>\n<\/div>\n<\/div>\n<p>[\/et_pb_accordion_item][et_pb_accordion_item title=\u00a0\u00bbEnfants\u00a0\u00bb _builder_version=\u00a0\u00bb4.27.3&Prime; _module_preset=\u00a0\u00bbdefault\u00a0\u00bb hover_enabled=\u00a0\u00bb0&Prime; global_colors_info=\u00a0\u00bb{}\u00a0\u00bb open=\u00a0\u00bboff\u00a0\u00bb sticky_enabled=\u00a0\u00bb0&Prime;]<\/p>\n<div class=\"vc_toggle_content\">\n<h2>L&rsquo;entretien biblique des enfants ou EBE<\/h2>\n<p>&nbsp;<\/p>\n<\/div>\n<div>Un temps d\u00e9di\u00e9 pour les plus jeunes, une fois par mois<\/div>\n<div>\u00a0<\/div>\n<div>Les enfants sont les bienvenus au sein de la communaut\u00e9. Pour leur permettre de d\u00e9couvrir la Parole de Dieu \u00e0 leur rythme, un temps d&rsquo;\u00e9veil \u00e0 la foi est organis\u00e9 une fois par mois au cours de la messe dominicale. L&rsquo;occasion pour eux de se retrouver, d&rsquo;\u00e9couter la Bible et de discuter ensemble.<\/div>\n<div><i>Prochaines messes proposant l&rsquo;EBE : dimanches 17\/11, 11\/01, 01\/02, 27\/04, 18\/05 et 29\/06<\/i><\/div>\n<div>\u00a0<\/div>\n<div><a href=\"https:\/\/paroisse-catho-hausbergen.fr\/wp-content\/uploads\/2024\/11\/10ea2590-a5a1-4e60-8ab2-6e6f770bdf58.jpeg\"><img loading=\"lazy\" decoding=\"async\" class=\"wp-image-221187 alignnone \" src=\"https:\/\/paroisse-catho-hausbergen.fr\/wp-content\/uploads\/2024\/11\/10ea2590-a5a1-4e60-8ab2-6e6f770bdf58-300x239.jpeg\" alt=\"\" width=\"542\" height=\"432\" \/><\/a><\/div>\n<div>\u00a0<\/div>\n<div>En compl\u00e9ment, en amont de No\u00ebl et de P\u00e2ques, il est propos\u00e9 aux enfants de se retrouver un samedi apr\u00e8s-midi pour approfondir le sens de ces f\u00eates chr\u00e9tiennes et passer un moment festif.<\/div>\n<div><i>Prochaines dates : samedi 14\/12 et samedi 16\/03, de 15h \u00e0 17h, au foyer paroissial<\/i><\/div>\n<p>&nbsp;<\/p>\n<p>[\/et_pb_accordion_item][et_pb_accordion_item title=\u00a0\u00bbJeunes\u00a0\u00bb _builder_version=\u00a0\u00bb4.27.0&Prime; _dynamic_attributes=\u00a0\u00bblink_option_url\u00a0\u00bb _module_preset=\u00a0\u00bbdefault\u00a0\u00bb link_option_url=\u00a0\u00bb@ET-DC@eyJkeW5hbWljIjp0cnVlLCJjb250ZW50IjoicG9zdF9saW5rX3VybF9wYWdlIiwic2V0dGluZ3MiOnsicG9zdF9pZCI6IjIxMzkyNCJ9fQ==@\u00a0\u00bb global_colors_info=\u00a0\u00bb{}\u00a0\u00bb open=\u00a0\u00bboff\u00a0\u00bb]<\/p>\n<div class=\"vc_toggle_content\">\n<h2 class=\"entry-title\">L\u2019 enseignement religieux \u00e0 l\u2019\u00e9cole<\/h2>\n<p><a href=\"https:\/\/paroisse-catho-hausbergen.fr\/wp-content\/uploads\/2021\/07\/bible-study-1967881_1280.png\"><img loading=\"lazy\" decoding=\"async\" class=\"wp-image-214569 alignnone size-medium\" src=\"https:\/\/paroisse-catho-hausbergen.fr\/wp-content\/uploads\/2021\/07\/bible-study-1967881_1280-300x261.png\" alt=\"\" width=\"300\" height=\"261\" \/><\/a><\/p>\n<div class=\"entry-content\">\n<p>Depuis la rentr\u00e9e 2011\/2012, la cat\u00e9ch\u00e8se scolaire est \u0153cum\u00e9nique dans les trois HAUSBERGEN.<\/p>\n<p align=\"left\">Des enseignantes en religion, protestantes et catholiques oeuvrent en bonne collaboration.<\/p>\n<\/div>\n<\/div>\n<p>[\/et_pb_accordion_item][et_pb_accordion_item title=\u00a0\u00bbHalte Spirituelle pour les jeunes 16-20 ans\u00a0\u00bb _builder_version=\u00a0\u00bb4.27.2&Prime; _module_preset=\u00a0\u00bbdefault\u00a0\u00bb global_colors_info=\u00a0\u00bb{}\u00a0\u00bb open=\u00a0\u00bboff\u00a0\u00bb]<\/p>\n<div><a href=\"https:\/\/paroisse-catho-hausbergen.fr\/wp-content\/uploads\/2024\/09\/IMG-20240928-WA0007.jpg\"><img loading=\"lazy\" decoding=\"async\" class=\"wp-image-221053 alignnone size-medium\" src=\"https:\/\/paroisse-catho-hausbergen.fr\/wp-content\/uploads\/2024\/09\/IMG-20240928-WA0007-300x225.jpg\" alt=\"\" width=\"300\" height=\"225\" \/><\/a><\/div>\n<div>\u00a0<\/div>\n<div>\u00ab\u00a0Halte spirituelle\u00a0\u00bb pour les 16\/20 ans, le samedi matin , 2 fois par mois de 10h30 \u00e0 12h.:<\/div>\n<ul>\n<li>un temps de formation spirituelle, \u00e0 partir de la lecture suivie cette ann\u00e9e de l &lsquo;\u00e9vangile de st Luc et les actes des ap\u00f4tres.<\/li>\n<li>un temps de pri\u00e8re.<\/li>\n<li>un.temps de r\u00e9flexion sur un th\u00e8me historique ou d&rsquo;actualit\u00e9,\u00a0 en tant que chr\u00e9tien.<\/li>\n<\/ul>\n<p>Partage et approfondissement de la diversit\u00e9 avec 3 jeunes libanais de notre paroisse, de rite grec-melkite catholique<\/p>\n<p><img loading=\"lazy\" decoding=\"async\" class=\"wp-image-221156 alignnone size-medium\" src=\"https:\/\/paroisse-catho-hausbergen.fr\/wp-content\/uploads\/2024\/11\/WhatsApp-Image-2024-11-03-at-16.50.21-300x225.jpeg\" alt=\"\" width=\"300\" height=\"225\" \/><\/p>\n<div>Possibilit\u00e9 de pr\u00e9parer le sacrement du bapt\u00eame et la 1\u00e8re communion au sein de ce groupe .<\/div>\n<div>Contacter Genevi\u00e8ve : 06 75 93 73 26<\/div>\n<div>\u00a0<\/div>\n<p>[\/et_pb_accordion_item][et_pb_accordion_item title=\u00a0\u00bbAdultes\u00a0\u00bb _builder_version=\u00a0\u00bb4.27.0&Prime; _dynamic_attributes=\u00a0\u00bblink_option_url\u00a0\u00bb _module_preset=\u00a0\u00bbdefault\u00a0\u00bb link_option_url=\u00a0\u00bb@ET-DC@eyJkeW5hbWljIjp0cnVlLCJjb250ZW50IjoicG9zdF9saW5rX3VybF9wYWdlIiwic2V0dGluZ3MiOnsicG9zdF9pZCI6IjIxMzkyMiJ9fQ==@\u00a0\u00bb global_colors_info=\u00a0\u00bb{}\u00a0\u00bb open=\u00a0\u00bboff\u00a0\u00bb]<\/p>\n<div>Cat\u00e9chisme de l&rsquo;\u00e9glise catholique :<\/div>\n<div><a class=\"ms-outlook-linkify\" href=\"https:\/\/www.vatican.va\/archive\/FRA0013\/_INDEX.HTM\">https:\/\/www.vatican.va\/archive\/FRA0013\/_INDEX.HTM<\/a><\/div>\n<div>\u00a0<\/div>\n<div>\u00c9glise catholique en France :<\/div>\n<div><a class=\"ms-outlook-linkify\" href=\"https:\/\/eglise.catholique.fr\/approfondir-sa-foi\/\">https:\/\/eglise.catholique.fr\/approfondir-sa-foi\/<\/a><\/div>\n<div>\u00a0<\/div>\n<div>Site catholique Aleteia :<\/div>\n<div><a class=\"ms-outlook-linkify\" href=\"https:\/\/fr.aleteia.org\/category\/spiritualite\">https:\/\/fr.aleteia.org\/category\/spiritualite<\/a><\/div>\n<p>[\/et_pb_accordion_item][et_pb_accordion_item title=\u00a0\u00bbOecum\u00e9nisme\u00a0\u00bb _builder_version=\u00a0\u00bb4.27.3&Prime; _module_preset=\u00a0\u00bbdefault\u00a0\u00bb global_colors_info=\u00a0\u00bb{}\u00a0\u00bb open=\u00a0\u00bboff\u00a0\u00bb]<\/p>\n<div class=\"et_pb_toggle_content clearfix\">\n<p>OECUMENISME<\/p>\n<ul>\n<li>Colline<\/li>\n<li>Car\u00eame, Bol de riz<\/li>\n<li>Semaine oecum\u00e9nique du 18 au 25 janvier 2025: cette ann\u00e9e marquera le 1700\u00e8me anniversaire du premier concile \u0153cum\u00e9nique (Nic\u00e9e en l&rsquo;an 325). <a href=\"http:\/\/www.christianunity.va\/content\/unitacristiani\/fr\/news\/2024\/2024-05-20-spuc-2025.html\">Dicast\u00e8re pour la promotion de l&rsquo;unit\u00e9 des Chr\u00e9tiens<\/a><\/li>\n<\/ul>\n<p><a href=\"https:\/\/paroisse-catho-hausbergen.fr\/wp-content\/uploads\/2021\/08\/oecume\u0301nisme-2021.pdf\" rel=\"attachment wp-att-214943\">oecume\u0301nisme 2021<\/a><\/p>\n<\/div>\n<p>[\/et_pb_accordion_item][\/et_pb_accordion][\/et_pb_column][\/et_pb_row][\/et_pb_section]<\/p>\n<span class=\"et_bloom_bottom_trigger\"><\/span>","protected":false},"excerpt":{"rendered":"<p>La pastorale de la paroisse La pr\u00e9paration aux sacrements La pr\u00e9paration aux sacrements Bapt\u00eames : Ils sont c\u00e9l\u00e9br\u00e9s au cours d\u2019une messe du week-end ou apr\u00e8s la messe du dimanche \u00e0 11h30, ou encore le samedi. La pr\u00e9paration se fait \u00e0 domicile ou presbyt\u00e8re. Premi\u00e8re Communion : La pr\u00e9paration du Premier Pardon (sacrement de la [&hellip;]<\/p>\n","protected":false},"author":3,"featured_media":0,"parent":7,"menu_order":0,"comment_status":"closed","ping_status":"closed","template":"","meta":{"_acf_changed":false,"_et_pb_use_builder":"on","_et_pb_old_content":"","_et_gb_content_width":"","_price":"","_stock":"","_tribe_ticket_header":"","_tribe_default_ticket_provider":"","_tribe_ticket_capacity":"0","_ticket_start_date":"","_ticket_end_date":"","_tribe_ticket_show_description":"","_tribe_ticket_show_not_going":false,"_tribe_ticket_use_global_stock":"","_tribe_ticket_global_stock_level":"","_global_stock_mode":"","_global_stock_cap":"","_tribe_rsvp_for_event":"","_tribe_ticket_going_count":"","_tribe_ticket_not_going_count":"","_tribe_tickets_list":"[]","_tribe_ticket_has_attendee_info_fields":false,"footnotes":""},"class_list":["post-213724","page","type-page","status-publish","hentry"],"acf":[],"yoast_head":"<!-- This site is optimized with the Yoast SEO plugin v27.5 - https:\/\/yoast.com\/product\/yoast-seo-wordpress\/ -->\n<title>Pastorale - Paroisse<\/title>\n<meta name=\"robots\" content=\"index, follow, max-snippet:-1, max-image-preview:large, max-video-preview:-1\" \/>\n<link rel=\"canonical\" href=\"https:\/\/paroisse-catho-hausbergen.fr\/home\/home\/pastorale\/\" \/>\n<meta property=\"og:locale\" content=\"fr_FR\" \/>\n<meta property=\"og:type\" content=\"article\" \/>\n<meta property=\"og:title\" content=\"Pastorale - Paroisse\" \/>\n<meta property=\"og:description\" content=\"La pastorale de la paroisse La pr\u00e9paration aux sacrements La pr\u00e9paration aux sacrements Bapt\u00eames : Ils sont c\u00e9l\u00e9br\u00e9s au cours d\u2019une messe du week-end ou apr\u00e8s la messe du dimanche \u00e0 11h30, ou encore le samedi. La pr\u00e9paration se fait \u00e0 domicile ou presbyt\u00e8re. Premi\u00e8re Communion : La pr\u00e9paration du Premier Pardon (sacrement de la [&hellip;]\" \/>\n<meta property=\"og:url\" content=\"https:\/\/paroisse-catho-hausbergen.fr\/home\/home\/pastorale\/\" \/>\n<meta property=\"og:site_name\" content=\"Paroisse\" \/>\n<meta property=\"article:modified_time\" content=\"2024-11-10T19:28:01+00:00\" \/>\n<meta property=\"og:image\" content=\"https:\/\/paroisse-catho-hausbergen.fr\/wp-content\/uploads\/2024\/11\/10ea2590-a5a1-4e60-8ab2-6e6f770bdf58.jpeg\" \/>\n\t<meta property=\"og:image:width\" content=\"2048\" \/>\n\t<meta property=\"og:image:height\" content=\"1629\" \/>\n\t<meta property=\"og:image:type\" content=\"image\/jpeg\" \/>\n<meta name=\"twitter:label1\" content=\"Dur\u00e9e de lecture estim\u00e9e\" \/>\n\t<meta name=\"twitter:data1\" content=\"3 minutes\" \/>\n<script type=\"application\/ld+json\" class=\"yoast-schema-graph\">{\"@context\":\"https:\\\/\\\/schema.org\",\"@graph\":[{\"@type\":\"WebPage\",\"@id\":\"https:\\\/\\\/paroisse-catho-hausbergen.fr\\\/home\\\/home\\\/pastorale\\\/\",\"url\":\"https:\\\/\\\/paroisse-catho-hausbergen.fr\\\/home\\\/home\\\/pastorale\\\/\",\"name\":\"Pastorale - Paroisse\",\"isPartOf\":{\"@id\":\"https:\\\/\\\/paroisse-catho-hausbergen.fr\\\/home\\\/#website\"},\"primaryImageOfPage\":{\"@id\":\"https:\\\/\\\/paroisse-catho-hausbergen.fr\\\/home\\\/home\\\/pastorale\\\/#primaryimage\"},\"image\":{\"@id\":\"https:\\\/\\\/paroisse-catho-hausbergen.fr\\\/home\\\/home\\\/pastorale\\\/#primaryimage\"},\"thumbnailUrl\":\"https:\\\/\\\/paroisse-catho-hausbergen.fr\\\/wp-content\\\/uploads\\\/2024\\\/11\\\/10ea2590-a5a1-4e60-8ab2-6e6f770bdf58-300x239.jpeg\",\"datePublished\":\"2021-07-17T12:05:30+00:00\",\"dateModified\":\"2024-11-10T19:28:01+00:00\",\"breadcrumb\":{\"@id\":\"https:\\\/\\\/paroisse-catho-hausbergen.fr\\\/home\\\/home\\\/pastorale\\\/#breadcrumb\"},\"inLanguage\":\"fr-FR\",\"potentialAction\":[{\"@type\":\"ReadAction\",\"target\":[\"https:\\\/\\\/paroisse-catho-hausbergen.fr\\\/home\\\/home\\\/pastorale\\\/\"]}]},{\"@type\":\"ImageObject\",\"inLanguage\":\"fr-FR\",\"@id\":\"https:\\\/\\\/paroisse-catho-hausbergen.fr\\\/home\\\/home\\\/pastorale\\\/#primaryimage\",\"url\":\"https:\\\/\\\/paroisse-catho-hausbergen.fr\\\/wp-content\\\/uploads\\\/2024\\\/11\\\/10ea2590-a5a1-4e60-8ab2-6e6f770bdf58-300x239.jpeg\",\"contentUrl\":\"https:\\\/\\\/paroisse-catho-hausbergen.fr\\\/wp-content\\\/uploads\\\/2024\\\/11\\\/10ea2590-a5a1-4e60-8ab2-6e6f770bdf58-300x239.jpeg\"},{\"@type\":\"BreadcrumbList\",\"@id\":\"https:\\\/\\\/paroisse-catho-hausbergen.fr\\\/home\\\/home\\\/pastorale\\\/#breadcrumb\",\"itemListElement\":[{\"@type\":\"ListItem\",\"position\":1,\"name\":\"Accueil\",\"item\":\"https:\\\/\\\/paroisse-catho-hausbergen.fr\\\/home\\\/\"},{\"@type\":\"ListItem\",\"position\":2,\"name\":\"Home\",\"item\":\"https:\\\/\\\/paroisse-catho-hausbergen.fr\\\/home\\\/\"},{\"@type\":\"ListItem\",\"position\":3,\"name\":\"Pastorale\"}]},{\"@type\":\"WebSite\",\"@id\":\"https:\\\/\\\/paroisse-catho-hausbergen.fr\\\/home\\\/#website\",\"url\":\"https:\\\/\\\/paroisse-catho-hausbergen.fr\\\/home\\\/\",\"name\":\"Paroisse Catholique Hausbergen\",\"description\":\"Communication Paroisse Catholique des Hausbergen\",\"publisher\":{\"@id\":\"https:\\\/\\\/paroisse-catho-hausbergen.fr\\\/home\\\/#organization\"},\"potentialAction\":[{\"@type\":\"SearchAction\",\"target\":{\"@type\":\"EntryPoint\",\"urlTemplate\":\"https:\\\/\\\/paroisse-catho-hausbergen.fr\\\/home\\\/?s={search_term_string}\"},\"query-input\":{\"@type\":\"PropertyValueSpecification\",\"valueRequired\":true,\"valueName\":\"search_term_string\"}}],\"inLanguage\":\"fr-FR\"},{\"@type\":\"Organization\",\"@id\":\"https:\\\/\\\/paroisse-catho-hausbergen.fr\\\/home\\\/#organization\",\"name\":\"Paroisse Catholique des Hausbergen\",\"url\":\"https:\\\/\\\/paroisse-catho-hausbergen.fr\\\/home\\\/\",\"logo\":{\"@type\":\"ImageObject\",\"inLanguage\":\"fr-FR\",\"@id\":\"https:\\\/\\\/paroisse-catho-hausbergen.fr\\\/home\\\/#\\\/schema\\\/logo\\\/image\\\/\",\"url\":\"https:\\\/\\\/paroisse-catho-hausbergen.fr\\\/wp-content\\\/uploads\\\/2021\\\/09\\\/cropped-logo.png\",\"contentUrl\":\"https:\\\/\\\/paroisse-catho-hausbergen.fr\\\/wp-content\\\/uploads\\\/2021\\\/09\\\/cropped-logo.png\",\"width\":512,\"height\":512,\"caption\":\"Paroisse Catholique des Hausbergen\"},\"image\":{\"@id\":\"https:\\\/\\\/paroisse-catho-hausbergen.fr\\\/home\\\/#\\\/schema\\\/logo\\\/image\\\/\"}}]}<\/script>\n<!-- \/ Yoast SEO plugin. -->","yoast_head_json":{"title":"Pastorale - Paroisse","robots":{"index":"index","follow":"follow","max-snippet":"max-snippet:-1","max-image-preview":"max-image-preview:large","max-video-preview":"max-video-preview:-1"},"canonical":"https:\/\/paroisse-catho-hausbergen.fr\/home\/home\/pastorale\/","og_locale":"fr_FR","og_type":"article","og_title":"Pastorale - Paroisse","og_description":"La pastorale de la paroisse La pr\u00e9paration aux sacrements La pr\u00e9paration aux sacrements Bapt\u00eames : Ils sont c\u00e9l\u00e9br\u00e9s au cours d\u2019une messe du week-end ou apr\u00e8s la messe du dimanche \u00e0 11h30, ou encore le samedi. La pr\u00e9paration se fait \u00e0 domicile ou presbyt\u00e8re. Premi\u00e8re Communion : La pr\u00e9paration du Premier Pardon (sacrement de la [&hellip;]","og_url":"https:\/\/paroisse-catho-hausbergen.fr\/home\/home\/pastorale\/","og_site_name":"Paroisse","article_modified_time":"2024-11-10T19:28:01+00:00","og_image":[{"width":2048,"height":1629,"url":"https:\/\/paroisse-catho-hausbergen.fr\/wp-content\/uploads\/2024\/11\/10ea2590-a5a1-4e60-8ab2-6e6f770bdf58.jpeg","type":"image\/jpeg"}],"twitter_misc":{"Dur\u00e9e de lecture estim\u00e9e":"3 minutes"},"schema":{"@context":"https:\/\/schema.org","@graph":[{"@type":"WebPage","@id":"https:\/\/paroisse-catho-hausbergen.fr\/home\/home\/pastorale\/","url":"https:\/\/paroisse-catho-hausbergen.fr\/home\/home\/pastorale\/","name":"Pastorale - Paroisse","isPartOf":{"@id":"https:\/\/paroisse-catho-hausbergen.fr\/home\/#website"},"primaryImageOfPage":{"@id":"https:\/\/paroisse-catho-hausbergen.fr\/home\/home\/pastorale\/#primaryimage"},"image":{"@id":"https:\/\/paroisse-catho-hausbergen.fr\/home\/home\/pastorale\/#primaryimage"},"thumbnailUrl":"https:\/\/paroisse-catho-hausbergen.fr\/wp-content\/uploads\/2024\/11\/10ea2590-a5a1-4e60-8ab2-6e6f770bdf58-300x239.jpeg","datePublished":"2021-07-17T12:05:30+00:00","dateModified":"2024-11-10T19:28:01+00:00","breadcrumb":{"@id":"https:\/\/paroisse-catho-hausbergen.fr\/home\/home\/pastorale\/#breadcrumb"},"inLanguage":"fr-FR","potentialAction":[{"@type":"ReadAction","target":["https:\/\/paroisse-catho-hausbergen.fr\/home\/home\/pastorale\/"]}]},{"@type":"ImageObject","inLanguage":"fr-FR","@id":"https:\/\/paroisse-catho-hausbergen.fr\/home\/home\/pastorale\/#primaryimage","url":"https:\/\/paroisse-catho-hausbergen.fr\/wp-content\/uploads\/2024\/11\/10ea2590-a5a1-4e60-8ab2-6e6f770bdf58-300x239.jpeg","contentUrl":"https:\/\/paroisse-catho-hausbergen.fr\/wp-content\/uploads\/2024\/11\/10ea2590-a5a1-4e60-8ab2-6e6f770bdf58-300x239.jpeg"},{"@type":"BreadcrumbList","@id":"https:\/\/paroisse-catho-hausbergen.fr\/home\/home\/pastorale\/#breadcrumb","itemListElement":[{"@type":"ListItem","position":1,"name":"Accueil","item":"https:\/\/paroisse-catho-hausbergen.fr\/home\/"},{"@type":"ListItem","position":2,"name":"Home","item":"https:\/\/paroisse-catho-hausbergen.fr\/home\/"},{"@type":"ListItem","position":3,"name":"Pastorale"}]},{"@type":"WebSite","@id":"https:\/\/paroisse-catho-hausbergen.fr\/home\/#website","url":"https:\/\/paroisse-catho-hausbergen.fr\/home\/","name":"Paroisse Catholique Hausbergen","description":"Communication Paroisse Catholique des Hausbergen","publisher":{"@id":"https:\/\/paroisse-catho-hausbergen.fr\/home\/#organization"},"potentialAction":[{"@type":"SearchAction","target":{"@type":"EntryPoint","urlTemplate":"https:\/\/paroisse-catho-hausbergen.fr\/home\/?s={search_term_string}"},"query-input":{"@type":"PropertyValueSpecification","valueRequired":true,"valueName":"search_term_string"}}],"inLanguage":"fr-FR"},{"@type":"Organization","@id":"https:\/\/paroisse-catho-hausbergen.fr\/home\/#organization","name":"Paroisse Catholique des Hausbergen","url":"https:\/\/paroisse-catho-hausbergen.fr\/home\/","logo":{"@type":"ImageObject","inLanguage":"fr-FR","@id":"https:\/\/paroisse-catho-hausbergen.fr\/home\/#\/schema\/logo\/image\/","url":"https:\/\/paroisse-catho-hausbergen.fr\/wp-content\/uploads\/2021\/09\/cropped-logo.png","contentUrl":"https:\/\/paroisse-catho-hausbergen.fr\/wp-content\/uploads\/2021\/09\/cropped-logo.png","width":512,"height":512,"caption":"Paroisse Catholique des Hausbergen"},"image":{"@id":"https:\/\/paroisse-catho-hausbergen.fr\/home\/#\/schema\/logo\/image\/"}}]}},"_links":{"self":[{"href":"https:\/\/paroisse-catho-hausbergen.fr\/home\/wp-json\/wp\/v2\/pages\/213724","targetHints":{"allow":["GET"]}}],"collection":[{"href":"https:\/\/paroisse-catho-hausbergen.fr\/home\/wp-json\/wp\/v2\/pages"}],"about":[{"href":"https:\/\/paroisse-catho-hausbergen.fr\/home\/wp-json\/wp\/v2\/types\/page"}],"author":[{"embeddable":true,"href":"https:\/\/paroisse-catho-hausbergen.fr\/home\/wp-json\/wp\/v2\/users\/3"}],"replies":[{"embeddable":true,"href":"https:\/\/paroisse-catho-hausbergen.fr\/home\/wp-json\/wp\/v2\/comments?post=213724"}],"version-history":[{"count":0,"href":"https:\/\/paroisse-catho-hausbergen.fr\/home\/wp-json\/wp\/v2\/pages\/213724\/revisions"}],"up":[{"embeddable":true,"href":"https:\/\/paroisse-catho-hausbergen.fr\/home\/wp-json\/wp\/v2\/pages\/7"}],"wp:attachment":[{"href":"https:\/\/paroisse-catho-hausbergen.fr\/home\/wp-json\/wp\/v2\/media?parent=213724"}],"curies":[{"name":"wp","href":"https:\/\/api.w.org\/{rel}","templated":true}]}}