{"id":213726,"date":"2021-07-17T13:06:23","date_gmt":"2021-07-17T12:06:23","guid":{"rendered":"https:\/\/paroisse-catho-hausbergen.fr\/?page_id=213726"},"modified":"2024-09-25T17:56:38","modified_gmt":"2024-09-25T16:56:38","slug":"le-pretre-et-les-equipes","status":"publish","type":"page","link":"https:\/\/paroisse-catho-hausbergen.fr\/home\/home\/le-pretre-et-les-equipes\/","title":{"rendered":"Le Pr\u00eatre et les \u00e9quipes"},"content":{"rendered":"<p>[et_pb_section fb_built=\u00a0\u00bb1&Prime; _builder_version=\u00a0\u00bb4.16&Prime; _module_preset=\u00a0\u00bbdefault\u00a0\u00bb background_enable_color=\u00a0\u00bboff\u00a0\u00bb background_enable_image=\u00a0\u00bboff\u00a0\u00bb background_blend=\u00a0\u00bbdarken\u00a0\u00bb global_colors_info=\u00a0\u00bb{%22gcid-7de2ae0b-4074-4f5b-aed1-1ca22ab66fb1%22:%91%93}\u00a0\u00bb][et_pb_row _builder_version=\u00a0\u00bb4.16&Prime; _module_preset=\u00a0\u00bbdefault\u00a0\u00bb global_colors_info=\u00a0\u00bb{}\u00a0\u00bb][et_pb_column type=\u00a0\u00bb4_4&Prime; _builder_version=\u00a0\u00bb4.16&Prime; _module_preset=\u00a0\u00bbdefault\u00a0\u00bb global_colors_info=\u00a0\u00bb{}\u00a0\u00bb][et_pb_text _builder_version=\u00a0\u00bb4.16&Prime; _module_preset=\u00a0\u00bbdefault\u00a0\u00bb text_font=\u00a0\u00bbTimes New Roman|||on|||||\u00a0\u00bb text_text_color=\u00a0\u00bbgcid-7de2ae0b-4074-4f5b-aed1-1ca22ab66fb1&Prime; text_font_size=\u00a0\u00bb27px\u00a0\u00bb text_line_height=\u00a0\u00bb1.6em\u00a0\u00bb header_font=\u00a0\u00bb|||on|||||\u00a0\u00bb header_text_align=\u00a0\u00bbleft\u00a0\u00bb header_text_color=\u00a0\u00bb#000000&Prime; header_text_shadow_style=\u00a0\u00bbpreset2&Prime; header_text_shadow_color=\u00a0\u00bb#0C71C3&Prime; global_colors_info=\u00a0\u00bb{%22gcid-dc57d610-8e3c-4939-bef6-395ae992e5a6%22:%91%93,%22gcid-7de2ae0b-4074-4f5b-aed1-1ca22ab66fb1%22:%91%22text_text_color%22%93}\u00a0\u00bb]<\/p>\n<h1>Le pr\u00eatre et les \u00e9quipes<\/h1>\n<p>[\/et_pb_text][et_pb_image src=\u00a0\u00bbhttps:\/\/paroisse-catho-hausbergen.fr\/wp-content\/uploads\/2021\/07\/inspiration-2706594_1280.jpg\u00a0\u00bb title_text=\u00a0\u00bbinspiration-2706594_1280&Prime; _builder_version=\u00a0\u00bb4.16&Prime; _module_preset=\u00a0\u00bbdefault\u00a0\u00bb global_colors_info=\u00a0\u00bb{}\u00a0\u00bb][\/et_pb_image][\/et_pb_column][\/et_pb_row][et_pb_row _builder_version=\u00a0\u00bb4.16&Prime; _module_preset=\u00a0\u00bbdefault\u00a0\u00bb global_colors_info=\u00a0\u00bb{}\u00a0\u00bb][et_pb_column type=\u00a0\u00bb4_4&Prime; _builder_version=\u00a0\u00bb4.16&Prime; _module_preset=\u00a0\u00bbdefault\u00a0\u00bb global_colors_info=\u00a0\u00bb{}\u00a0\u00bb][et_pb_accordion open_toggle_background_color=\u00a0\u00bbrgba(14,249,128,0.26)\u00a0\u00bb closed_toggle_background_color=\u00a0\u00bbrgba(15,239,255,0.21)\u00a0\u00bb admin_label=\u00a0\u00bbEquipes\u00a0\u00bb _builder_version=\u00a0\u00bb4.27.0&Prime; _module_preset=\u00a0\u00bbdefault\u00a0\u00bb closed_toggle_font=\u00a0\u00bb|300|||||||\u00a0\u00bb hover_enabled=\u00a0\u00bb0&Prime; global_colors_info=\u00a0\u00bb{%22gcid-dc57d610-8e3c-4939-bef6-395ae992e5a6%22:%91%93,%22gcid-2c7c0f67-a4e2-4071-933a-bfdd6c1f8de0%22:%91%93}\u00a0\u00bb sticky_enabled=\u00a0\u00bb0&Prime;][et_pb_accordion_item title=\u00a0\u00bbLe Pr\u00eatre\u00a0\u00bb open=\u00a0\u00bbon\u00a0\u00bb open_toggle_background_color=\u00a0\u00bbgcid-dc57d610-8e3c-4939-bef6-395ae992e5a6&Prime; closed_toggle_background_color=\u00a0\u00bbgcid-7de2ae0b-4074-4f5b-aed1-1ca22ab66fb1&Prime; _builder_version=\u00a0\u00bb4.27.0&Prime; _module_preset=\u00a0\u00bbdefault\u00a0\u00bb global_colors_info=\u00a0\u00bb{%22gcid-dc57d610-8e3c-4939-bef6-395ae992e5a6%22:%91%22open_toggle_background_color%22%93,%22gcid-7de2ae0b-4074-4f5b-aed1-1ca22ab66fb1%22:%91%22closed_toggle_background_color%22%93}\u00a0\u00bb]<\/p>\n<p><a href=\"https:\/\/paroisse-catho-hausbergen.fr\/wp-content\/uploads\/2021\/07\/celebration-of-the-eucharist-5243045_1920.jpg\"><img loading=\"lazy\" decoding=\"async\" class=\"wp-image-214571 alignnone size-medium\" src=\"https:\/\/paroisse-catho-hausbergen.fr\/wp-content\/uploads\/2021\/07\/celebration-of-the-eucharist-5243045_1920-300x200.jpg\" alt=\"\" width=\"300\" height=\"200\" \/><\/a><\/p>\n<p>Le p\u00e8re R\u00e9gis Alina, n\u00e9 en 1976 \u00e0 Brazzaville (Congo). Il est arriv\u00e9 \u00e0 Strasbourg suite aux guerres civiles dans son pays. Apr\u00e8s avoir pass\u00e9 un Baccalaur\u00e9at litt\u00e9raire et men\u00e9 des \u00e9tudes de th\u00e9ologie dans son pays d&rsquo;origine, il a poursuivi et termin\u00e9 ses \u00e9tudes au grand s\u00e9minaire de Strasbourg.<\/p>\n<p>&nbsp;<\/p>\n<p>[\/et_pb_accordion_item][et_pb_accordion_item title=\u00a0\u00bbL&rsquo;\u00e9quipe d&rsquo;Animation Pastorale\u00a0\u00bb open_toggle_background_color=\u00a0\u00bbgcid-dc57d610-8e3c-4939-bef6-395ae992e5a6&Prime; closed_toggle_background_color=\u00a0\u00bbgcid-7de2ae0b-4074-4f5b-aed1-1ca22ab66fb1&Prime; _builder_version=\u00a0\u00bb4.27.0&Prime; _dynamic_attributes=\u00a0\u00bblink_option_url\u00a0\u00bb _module_preset=\u00a0\u00bbdefault\u00a0\u00bb link_option_url=\u00a0\u00bb@ET-DC@eyJkeW5hbWljIjp0cnVlLCJjb250ZW50IjoicG9zdF9saW5rX3VybF9wYWdlIiwic2V0dGluZ3MiOnsicG9zdF9pZCI6IjIxMzc2NSJ9fQ==@\u00a0\u00bb hover_enabled=\u00a0\u00bb0&Prime; global_colors_info=\u00a0\u00bb{%22gcid-dc57d610-8e3c-4939-bef6-395ae992e5a6%22:%91%22open_toggle_background_color%22%93,%22gcid-7de2ae0b-4074-4f5b-aed1-1ca22ab66fb1%22:%91%22closed_toggle_background_color%22%93}\u00a0\u00bb open=\u00a0\u00bboff\u00a0\u00bb sticky_enabled=\u00a0\u00bb0&Prime;]<\/p>\n<p><a href=\"https:\/\/paroisse-catho-hausbergen.fr\/wp-content\/uploads\/2021\/07\/Capture-de\u0301cran-2021-07-27-a\u0300-19.30.36.png\"><img loading=\"lazy\" decoding=\"async\" class=\"wp-image-214580 alignnone size-medium\" src=\"https:\/\/paroisse-catho-hausbergen.fr\/wp-content\/uploads\/2021\/07\/Capture-de\u0301cran-2021-07-27-a\u0300-19.30.36-300x161.png\" alt=\"\" width=\"300\" height=\"161\" srcset=\"https:\/\/paroisse-catho-hausbergen.fr\/wp-content\/uploads\/2021\/07\/Capture-de\u0301cran-2021-07-27-a\u0300-19.30.36-300x161.png 300w, https:\/\/paroisse-catho-hausbergen.fr\/wp-content\/uploads\/2021\/07\/Capture-de\u0301cran-2021-07-27-a\u0300-19.30.36-1024x550.png 1024w, https:\/\/paroisse-catho-hausbergen.fr\/wp-content\/uploads\/2021\/07\/Capture-de\u0301cran-2021-07-27-a\u0300-19.30.36-768x412.png 768w, https:\/\/paroisse-catho-hausbergen.fr\/wp-content\/uploads\/2021\/07\/Capture-de\u0301cran-2021-07-27-a\u0300-19.30.36-1536x825.png 1536w, https:\/\/paroisse-catho-hausbergen.fr\/wp-content\/uploads\/2021\/07\/Capture-de\u0301cran-2021-07-27-a\u0300-19.30.36-610x328.png 610w, https:\/\/paroisse-catho-hausbergen.fr\/wp-content\/uploads\/2021\/07\/Capture-de\u0301cran-2021-07-27-a\u0300-19.30.36-1080x580.png 1080w, https:\/\/paroisse-catho-hausbergen.fr\/wp-content\/uploads\/2021\/07\/Capture-de\u0301cran-2021-07-27-a\u0300-19.30.36-1280x687.png 1280w, https:\/\/paroisse-catho-hausbergen.fr\/wp-content\/uploads\/2021\/07\/Capture-de\u0301cran-2021-07-27-a\u0300-19.30.36-980x526.png 980w, https:\/\/paroisse-catho-hausbergen.fr\/wp-content\/uploads\/2021\/07\/Capture-de\u0301cran-2021-07-27-a\u0300-19.30.36-480x258.png 480w, https:\/\/paroisse-catho-hausbergen.fr\/wp-content\/uploads\/2021\/07\/Capture-de\u0301cran-2021-07-27-a\u0300-19.30.36-1320x709.png 1320w, https:\/\/paroisse-catho-hausbergen.fr\/wp-content\/uploads\/2021\/07\/Capture-de\u0301cran-2021-07-27-a\u0300-19.30.36.png 1676w\" sizes=\"(max-width: 300px) 100vw, 300px\" \/><\/a><\/p>\n<p>Avec le cur\u00e9, l\u2019Equipe d\u2019Animation Pastorale participe \u00e0 l\u2019exercice de la charge pastorale. Elle est compos\u00e9e de cinq personnes engag\u00e9es qui s\u2019impliquent dans l\u2019annonce de la parole, la liturgie, la solidarit\u00e9, la communication et la bonne mise en \u0153uvre des biens mat\u00e9riels. Chacun de ses membres est appel\u00e9 par le Conseil Pastoral puis pr\u00e9sent\u00e9 au Vicaire Episcopal qui lui remet alors une lettre de nomination officielle.<\/p>\n<h4><strong>Membres de l\u2019<a class=\"glossary-term\" title=\"\u00c9quipe d'Animation Pastorale\" href=\"https:\/\/www.alsace.catholique.fr\/accueil\/lexique\/eap\">EAP<\/a> :<\/strong><\/h4>\n<ul>\n<li>M. le Cur\u00e9 de la communaut\u00e9 de paroisse : R\u00e9gis Alina<\/li>\n<li>Responsable de la solidarit\u00e9 : R\u00e9gis Alina<\/li>\n<li>Responsable de la Liturgie : Georges Hayek<\/li>\n<li>Responsable de la communication: Pascal Mayer<\/li>\n<li>Responsable de l&rsquo;annonce de la Parole : Marie-H\u00e9l\u00e8ne Sigward, et Genevi\u00e8ve Mayer<\/li>\n<li>Responsable de la logistique : les membres de l&rsquo;EAP<\/li>\n<\/ul>\n<p><b>Contact<\/b> : bureau paroissial T\u00e9l. 03 88 56 10 67<\/p>\n<p>[\/et_pb_accordion_item][et_pb_accordion_item title=\u00a0\u00bbLe Conseil de Fabrique\u00a0\u00bb open_toggle_background_color=\u00a0\u00bbgcid-dc57d610-8e3c-4939-bef6-395ae992e5a6&Prime; closed_toggle_background_color=\u00a0\u00bbgcid-7de2ae0b-4074-4f5b-aed1-1ca22ab66fb1&Prime; _builder_version=\u00a0\u00bb4.27.0&Prime; _dynamic_attributes=\u00a0\u00bblink_option_url\u00a0\u00bb _module_preset=\u00a0\u00bbdefault\u00a0\u00bb link_option_url=\u00a0\u00bb@ET-DC@eyJkeW5hbWljIjp0cnVlLCJjb250ZW50IjoicG9zdF9saW5rX3VybF9wYWdlIiwic2V0dGluZ3MiOnsicG9zdF9pZCI6IjIxMzc2MyJ9fQ==@\u00a0\u00bb hover_enabled=\u00a0\u00bb0&Prime; global_colors_info=\u00a0\u00bb{%22gcid-2c7c0f67-a4e2-4071-933a-bfdd6c1f8de0%22:%91%93,%22gcid-dc57d610-8e3c-4939-bef6-395ae992e5a6%22:%91%22open_toggle_background_color%22%93,%22gcid-7de2ae0b-4074-4f5b-aed1-1ca22ab66fb1%22:%91%22closed_toggle_background_color%22%93}\u00a0\u00bb open=\u00a0\u00bboff\u00a0\u00bb sticky_enabled=\u00a0\u00bb0&Prime;]<\/p>\n<p><a href=\"https:\/\/paroisse-catho-hausbergen.fr\/wp-content\/uploads\/2021\/07\/success-2081167_1280.jpg\"><img loading=\"lazy\" decoding=\"async\" class=\"wp-image-214581 alignnone \" src=\"https:\/\/paroisse-catho-hausbergen.fr\/wp-content\/uploads\/2021\/07\/success-2081167_1280-300x169.jpg\" alt=\"\" width=\"318\" height=\"179\" \/><\/a><\/p>\n<p>Le conseil de fabrique est un \u00e9tablissement public dot\u00e9 de la personnalit\u00e9 juridique de droit public, charg\u00e9 de veiller \u00e0 l\u2019entretien des \u00e9difices cultuels, \u00e0 leur bonne conservation ou aux travaux s\u2019y aff\u00e9rents. Il est habilit\u00e9 \u00e0 d\u00e9cider ce qui en d\u00e9pend. Il administre les biens et revenus affect\u00e9s \u00e0 l\u2019exercice du culte, en r\u00e9glant les d\u00e9penses et en assurant les moyens d\u2019y pourvoir. Le mandat des conseillers est de 6 ans renouvelable 3 fois.Composition du conseil de fabrique \u00e0 ce jour :<\/p>\n<ul>\n<li>R\u00e9gis Alina, cur\u00e9, membre de droit<\/li>\n<li>Thierry Mosser, pr\u00e9sident,<\/li>\n<li>Violaine Teste de Sagey, tr\u00e9sori\u00e8re,<\/li>\n<li>Lisa Muller secr\u00e9taire<\/li>\n<\/ul>\n<p>Membres :<\/p>\n<ul>\n<li>les maires (ou leurs repr\u00e9sentants) des trois Hausbergen,<\/li>\n<li>Claire Klumpp,<\/li>\n<li>Ren\u00e9 Koenig,<\/li>\n<li>Marcel Lefebvre,<\/li>\n<li>Dominique Lesp\u00e9ron,<\/li>\n<li>H\u00e9l\u00e8ne Guillot<\/li>\n<\/ul>\n<p>adresse mail de contact:\u00a0\u00a0\u00a0 fabriqueeglisesteodile67205@gmail.com<\/p>\n<p>[\/et_pb_accordion_item][et_pb_accordion_item title=\u00a0\u00bbLa Chorale\u00a0\u00bb open_toggle_background_color=\u00a0\u00bbgcid-dc57d610-8e3c-4939-bef6-395ae992e5a6&Prime; closed_toggle_background_color=\u00a0\u00bbgcid-7de2ae0b-4074-4f5b-aed1-1ca22ab66fb1&Prime; _builder_version=\u00a0\u00bb4.27.0&Prime; _dynamic_attributes=\u00a0\u00bblink_option_url\u00a0\u00bb _module_preset=\u00a0\u00bbdefault\u00a0\u00bb link_option_url=\u00a0\u00bb@ET-DC@eyJkeW5hbWljIjp0cnVlLCJjb250ZW50IjoicG9zdF9saW5rX3VybF9wYWdlIiwic2V0dGluZ3MiOnsicG9zdF9pZCI6IjIxMzczMCJ9fQ==@\u00a0\u00bb hover_enabled=\u00a0\u00bb0&Prime; global_colors_info=\u00a0\u00bb{%22gcid-dc57d610-8e3c-4939-bef6-395ae992e5a6%22:%91%22open_toggle_background_color%22%93,%22gcid-7de2ae0b-4074-4f5b-aed1-1ca22ab66fb1%22:%91%22closed_toggle_background_color%22%93}\u00a0\u00bb open=\u00a0\u00bboff\u00a0\u00bb sticky_enabled=\u00a0\u00bb0&Prime;]<\/p>\n<div class=\"entry-content\">\n<p>La Chorale Sainte Odile est affili\u00e9e \u00e0 l\u2019Union Sainte C\u00e9cile. Elle anime les c\u00e9l\u00e9brations et donne de temps \u00e0 autre un concert spirituel. Les r\u00e9p\u00e9titions ont lieu le mercredi soir au Foyer Sainte Odile \u00e0 20h.<\/p>\n<p><strong>Pr\u00e9sidente: Astrid Brehm\u00a0<\/strong>\u00a0\u00a0\u00a0 \u00a0 \u00a0\u00a0 \u2013 03 69 26 62 39<\/p>\n<p><strong>Chef de choeur: Lino Campisi<\/strong> \u00a0 \u2013 03 88 56 29 28<\/p>\n<\/div>\n<p>[\/et_pb_accordion_item][et_pb_accordion_item title=\u00a0\u00bbLe Conseil Pastoral\u00a0\u00bb open_toggle_background_color=\u00a0\u00bbgcid-dc57d610-8e3c-4939-bef6-395ae992e5a6&Prime; closed_toggle_background_color=\u00a0\u00bbgcid-7de2ae0b-4074-4f5b-aed1-1ca22ab66fb1&Prime; _builder_version=\u00a0\u00bb4.27.0&Prime; _dynamic_attributes=\u00a0\u00bblink_option_url\u00a0\u00bb _module_preset=\u00a0\u00bbdefault\u00a0\u00bb link_option_url=\u00a0\u00bb@ET-DC@eyJkeW5hbWljIjp0cnVlLCJjb250ZW50IjoicG9zdF9saW5rX3VybF9wYWdlIiwic2V0dGluZ3MiOnsicG9zdF9pZCI6IjIxMzc2MSJ9fQ==@\u00a0\u00bb hover_enabled=\u00a0\u00bb0&Prime; global_colors_info=\u00a0\u00bb{%22gcid-dc57d610-8e3c-4939-bef6-395ae992e5a6%22:%91%22open_toggle_background_color%22%93,%22gcid-7de2ae0b-4074-4f5b-aed1-1ca22ab66fb1%22:%91%22closed_toggle_background_color%22%93}\u00a0\u00bb open=\u00a0\u00bboff\u00a0\u00bb sticky_enabled=\u00a0\u00bb0&Prime;]<\/p>\n<p>Le Conseil Pastoral, compos\u00e9 d\u2019une vingtaine de membres repr\u00e9sentatifs des diff\u00e9rentes activit\u00e9s paroissiales ou membres \u00e0 titre personnel, se r\u00e9unit r\u00e9guli\u00e8rement. Il est une instance de r\u00e9flexion, d\u2019incitation et d\u2019anticipation au service de la paroisse pour que celle-ci soit \u00e0 l\u2019\u00e9coute de la r\u00e9alit\u00e9 d\u2019aujourd\u2019hui et puisse aller \u00e0 la rencontre de toute la communaut\u00e9 humaine.<\/p>\n<p>La pr\u00e9sidence est compos\u00e9e d\u2019un \u00ab duo \u00bb. En effet deux personnes se partagent la charge et la responsabilit\u00e9 :\u00a0 H\u00e9l\u00e8ne Guillot et R\u00e9gis Alina.<\/p>\n<p>[\/et_pb_accordion_item][\/et_pb_accordion][\/et_pb_column][\/et_pb_row][\/et_pb_section]<\/p>\n<span class=\"et_bloom_bottom_trigger\"><\/span>","protected":false},"excerpt":{"rendered":"<p>Le pr\u00eatre et les \u00e9quipes Le p\u00e8re R\u00e9gis Alina, n\u00e9 en 1976 \u00e0 Brazzaville (Congo). Il est arriv\u00e9 \u00e0 Strasbourg suite aux guerres civiles dans son pays. Apr\u00e8s avoir pass\u00e9 un Baccalaur\u00e9at litt\u00e9raire et men\u00e9 des \u00e9tudes de th\u00e9ologie dans son pays d&rsquo;origine, il a poursuivi et termin\u00e9 ses \u00e9tudes au grand s\u00e9minaire de Strasbourg. [&hellip;]<\/p>\n","protected":false},"author":3,"featured_media":214556,"parent":7,"menu_order":0,"comment_status":"closed","ping_status":"closed","template":"","meta":{"_acf_changed":false,"_et_pb_use_builder":"on","_et_pb_old_content":"","_et_gb_content_width":"","_price":"","_stock":"","_tribe_ticket_header":"","_tribe_default_ticket_provider":"","_tribe_ticket_capacity":"0","_ticket_start_date":"","_ticket_end_date":"","_tribe_ticket_show_description":"","_tribe_ticket_show_not_going":false,"_tribe_ticket_use_global_stock":"","_tribe_ticket_global_stock_level":"","_global_stock_mode":"","_global_stock_cap":"","_tribe_rsvp_for_event":"","_tribe_ticket_going_count":"","_tribe_ticket_not_going_count":"","_tribe_tickets_list":"[]","_tribe_ticket_has_attendee_info_fields":false,"footnotes":""},"class_list":["post-213726","page","type-page","status-publish","has-post-thumbnail","hentry"],"acf":[],"yoast_head":"<!-- This site is optimized with the Yoast SEO plugin v27.5 - https:\/\/yoast.com\/product\/yoast-seo-wordpress\/ -->\n<title>Le Pr\u00eatre et les \u00e9quipes - Paroisse<\/title>\n<meta name=\"robots\" content=\"index, follow, max-snippet:-1, max-image-preview:large, max-video-preview:-1\" \/>\n<link rel=\"canonical\" href=\"https:\/\/paroisse-catho-hausbergen.fr\/home\/home\/le-pretre-et-les-equipes\/\" \/>\n<meta property=\"og:locale\" content=\"fr_FR\" \/>\n<meta property=\"og:type\" content=\"article\" \/>\n<meta property=\"og:title\" content=\"Le Pr\u00eatre et les \u00e9quipes - Paroisse\" \/>\n<meta property=\"og:description\" content=\"Le pr\u00eatre et les \u00e9quipes Le p\u00e8re R\u00e9gis Alina, n\u00e9 en 1976 \u00e0 Brazzaville (Congo). Il est arriv\u00e9 \u00e0 Strasbourg suite aux guerres civiles dans son pays. Apr\u00e8s avoir pass\u00e9 un Baccalaur\u00e9at litt\u00e9raire et men\u00e9 des \u00e9tudes de th\u00e9ologie dans son pays d&#039;origine, il a poursuivi et termin\u00e9 ses \u00e9tudes au grand s\u00e9minaire de Strasbourg. [&hellip;]\" \/>\n<meta property=\"og:url\" content=\"https:\/\/paroisse-catho-hausbergen.fr\/home\/home\/le-pretre-et-les-equipes\/\" \/>\n<meta property=\"og:site_name\" content=\"Paroisse\" \/>\n<meta property=\"article:modified_time\" content=\"2024-09-25T16:56:38+00:00\" \/>\n<meta property=\"og:image\" content=\"https:\/\/paroisse-catho-hausbergen.fr\/wp-content\/uploads\/2021\/07\/inspiration-2706594_1280.jpg\" \/>\n\t<meta property=\"og:image:width\" content=\"1280\" \/>\n\t<meta property=\"og:image:height\" content=\"720\" \/>\n\t<meta property=\"og:image:type\" content=\"image\/jpeg\" \/>\n<script type=\"application\/ld+json\" class=\"yoast-schema-graph\">{\"@context\":\"https:\\\/\\\/schema.org\",\"@graph\":[{\"@type\":\"WebPage\",\"@id\":\"https:\\\/\\\/paroisse-catho-hausbergen.fr\\\/home\\\/home\\\/le-pretre-et-les-equipes\\\/\",\"url\":\"https:\\\/\\\/paroisse-catho-hausbergen.fr\\\/home\\\/home\\\/le-pretre-et-les-equipes\\\/\",\"name\":\"Le Pr\u00eatre et les \u00e9quipes - Paroisse\",\"isPartOf\":{\"@id\":\"https:\\\/\\\/paroisse-catho-hausbergen.fr\\\/home\\\/#website\"},\"primaryImageOfPage\":{\"@id\":\"https:\\\/\\\/paroisse-catho-hausbergen.fr\\\/home\\\/home\\\/le-pretre-et-les-equipes\\\/#primaryimage\"},\"image\":{\"@id\":\"https:\\\/\\\/paroisse-catho-hausbergen.fr\\\/home\\\/home\\\/le-pretre-et-les-equipes\\\/#primaryimage\"},\"thumbnailUrl\":\"https:\\\/\\\/paroisse-catho-hausbergen.fr\\\/wp-content\\\/uploads\\\/2021\\\/07\\\/inspiration-2706594_1280.jpg\",\"datePublished\":\"2021-07-17T12:06:23+00:00\",\"dateModified\":\"2024-09-25T16:56:38+00:00\",\"breadcrumb\":{\"@id\":\"https:\\\/\\\/paroisse-catho-hausbergen.fr\\\/home\\\/home\\\/le-pretre-et-les-equipes\\\/#breadcrumb\"},\"inLanguage\":\"fr-FR\",\"potentialAction\":[{\"@type\":\"ReadAction\",\"target\":[\"https:\\\/\\\/paroisse-catho-hausbergen.fr\\\/home\\\/home\\\/le-pretre-et-les-equipes\\\/\"]}]},{\"@type\":\"ImageObject\",\"inLanguage\":\"fr-FR\",\"@id\":\"https:\\\/\\\/paroisse-catho-hausbergen.fr\\\/home\\\/home\\\/le-pretre-et-les-equipes\\\/#primaryimage\",\"url\":\"https:\\\/\\\/paroisse-catho-hausbergen.fr\\\/wp-content\\\/uploads\\\/2021\\\/07\\\/inspiration-2706594_1280.jpg\",\"contentUrl\":\"https:\\\/\\\/paroisse-catho-hausbergen.fr\\\/wp-content\\\/uploads\\\/2021\\\/07\\\/inspiration-2706594_1280.jpg\",\"width\":1280,\"height\":720},{\"@type\":\"BreadcrumbList\",\"@id\":\"https:\\\/\\\/paroisse-catho-hausbergen.fr\\\/home\\\/home\\\/le-pretre-et-les-equipes\\\/#breadcrumb\",\"itemListElement\":[{\"@type\":\"ListItem\",\"position\":1,\"name\":\"Accueil\",\"item\":\"https:\\\/\\\/paroisse-catho-hausbergen.fr\\\/home\\\/\"},{\"@type\":\"ListItem\",\"position\":2,\"name\":\"Home\",\"item\":\"https:\\\/\\\/paroisse-catho-hausbergen.fr\\\/home\\\/\"},{\"@type\":\"ListItem\",\"position\":3,\"name\":\"Le Pr\u00eatre et les \u00e9quipes\"}]},{\"@type\":\"WebSite\",\"@id\":\"https:\\\/\\\/paroisse-catho-hausbergen.fr\\\/home\\\/#website\",\"url\":\"https:\\\/\\\/paroisse-catho-hausbergen.fr\\\/home\\\/\",\"name\":\"Paroisse Catholique Hausbergen\",\"description\":\"Communication Paroisse Catholique des Hausbergen\",\"publisher\":{\"@id\":\"https:\\\/\\\/paroisse-catho-hausbergen.fr\\\/home\\\/#organization\"},\"potentialAction\":[{\"@type\":\"SearchAction\",\"target\":{\"@type\":\"EntryPoint\",\"urlTemplate\":\"https:\\\/\\\/paroisse-catho-hausbergen.fr\\\/home\\\/?s={search_term_string}\"},\"query-input\":{\"@type\":\"PropertyValueSpecification\",\"valueRequired\":true,\"valueName\":\"search_term_string\"}}],\"inLanguage\":\"fr-FR\"},{\"@type\":\"Organization\",\"@id\":\"https:\\\/\\\/paroisse-catho-hausbergen.fr\\\/home\\\/#organization\",\"name\":\"Paroisse Catholique des Hausbergen\",\"url\":\"https:\\\/\\\/paroisse-catho-hausbergen.fr\\\/home\\\/\",\"logo\":{\"@type\":\"ImageObject\",\"inLanguage\":\"fr-FR\",\"@id\":\"https:\\\/\\\/paroisse-catho-hausbergen.fr\\\/home\\\/#\\\/schema\\\/logo\\\/image\\\/\",\"url\":\"https:\\\/\\\/paroisse-catho-hausbergen.fr\\\/wp-content\\\/uploads\\\/2021\\\/09\\\/cropped-logo.png\",\"contentUrl\":\"https:\\\/\\\/paroisse-catho-hausbergen.fr\\\/wp-content\\\/uploads\\\/2021\\\/09\\\/cropped-logo.png\",\"width\":512,\"height\":512,\"caption\":\"Paroisse Catholique des Hausbergen\"},\"image\":{\"@id\":\"https:\\\/\\\/paroisse-catho-hausbergen.fr\\\/home\\\/#\\\/schema\\\/logo\\\/image\\\/\"}}]}<\/script>\n<!-- \/ Yoast SEO plugin. -->","yoast_head_json":{"title":"Le Pr\u00eatre et les \u00e9quipes - Paroisse","robots":{"index":"index","follow":"follow","max-snippet":"max-snippet:-1","max-image-preview":"max-image-preview:large","max-video-preview":"max-video-preview:-1"},"canonical":"https:\/\/paroisse-catho-hausbergen.fr\/home\/home\/le-pretre-et-les-equipes\/","og_locale":"fr_FR","og_type":"article","og_title":"Le Pr\u00eatre et les \u00e9quipes - Paroisse","og_description":"Le pr\u00eatre et les \u00e9quipes Le p\u00e8re R\u00e9gis Alina, n\u00e9 en 1976 \u00e0 Brazzaville (Congo). Il est arriv\u00e9 \u00e0 Strasbourg suite aux guerres civiles dans son pays. Apr\u00e8s avoir pass\u00e9 un Baccalaur\u00e9at litt\u00e9raire et men\u00e9 des \u00e9tudes de th\u00e9ologie dans son pays d'origine, il a poursuivi et termin\u00e9 ses \u00e9tudes au grand s\u00e9minaire de Strasbourg. [&hellip;]","og_url":"https:\/\/paroisse-catho-hausbergen.fr\/home\/home\/le-pretre-et-les-equipes\/","og_site_name":"Paroisse","article_modified_time":"2024-09-25T16:56:38+00:00","og_image":[{"width":1280,"height":720,"url":"https:\/\/paroisse-catho-hausbergen.fr\/wp-content\/uploads\/2021\/07\/inspiration-2706594_1280.jpg","type":"image\/jpeg"}],"schema":{"@context":"https:\/\/schema.org","@graph":[{"@type":"WebPage","@id":"https:\/\/paroisse-catho-hausbergen.fr\/home\/home\/le-pretre-et-les-equipes\/","url":"https:\/\/paroisse-catho-hausbergen.fr\/home\/home\/le-pretre-et-les-equipes\/","name":"Le Pr\u00eatre et les \u00e9quipes - Paroisse","isPartOf":{"@id":"https:\/\/paroisse-catho-hausbergen.fr\/home\/#website"},"primaryImageOfPage":{"@id":"https:\/\/paroisse-catho-hausbergen.fr\/home\/home\/le-pretre-et-les-equipes\/#primaryimage"},"image":{"@id":"https:\/\/paroisse-catho-hausbergen.fr\/home\/home\/le-pretre-et-les-equipes\/#primaryimage"},"thumbnailUrl":"https:\/\/paroisse-catho-hausbergen.fr\/wp-content\/uploads\/2021\/07\/inspiration-2706594_1280.jpg","datePublished":"2021-07-17T12:06:23+00:00","dateModified":"2024-09-25T16:56:38+00:00","breadcrumb":{"@id":"https:\/\/paroisse-catho-hausbergen.fr\/home\/home\/le-pretre-et-les-equipes\/#breadcrumb"},"inLanguage":"fr-FR","potentialAction":[{"@type":"ReadAction","target":["https:\/\/paroisse-catho-hausbergen.fr\/home\/home\/le-pretre-et-les-equipes\/"]}]},{"@type":"ImageObject","inLanguage":"fr-FR","@id":"https:\/\/paroisse-catho-hausbergen.fr\/home\/home\/le-pretre-et-les-equipes\/#primaryimage","url":"https:\/\/paroisse-catho-hausbergen.fr\/wp-content\/uploads\/2021\/07\/inspiration-2706594_1280.jpg","contentUrl":"https:\/\/paroisse-catho-hausbergen.fr\/wp-content\/uploads\/2021\/07\/inspiration-2706594_1280.jpg","width":1280,"height":720},{"@type":"BreadcrumbList","@id":"https:\/\/paroisse-catho-hausbergen.fr\/home\/home\/le-pretre-et-les-equipes\/#breadcrumb","itemListElement":[{"@type":"ListItem","position":1,"name":"Accueil","item":"https:\/\/paroisse-catho-hausbergen.fr\/home\/"},{"@type":"ListItem","position":2,"name":"Home","item":"https:\/\/paroisse-catho-hausbergen.fr\/home\/"},{"@type":"ListItem","position":3,"name":"Le Pr\u00eatre et les \u00e9quipes"}]},{"@type":"WebSite","@id":"https:\/\/paroisse-catho-hausbergen.fr\/home\/#website","url":"https:\/\/paroisse-catho-hausbergen.fr\/home\/","name":"Paroisse Catholique Hausbergen","description":"Communication Paroisse Catholique des Hausbergen","publisher":{"@id":"https:\/\/paroisse-catho-hausbergen.fr\/home\/#organization"},"potentialAction":[{"@type":"SearchAction","target":{"@type":"EntryPoint","urlTemplate":"https:\/\/paroisse-catho-hausbergen.fr\/home\/?s={search_term_string}"},"query-input":{"@type":"PropertyValueSpecification","valueRequired":true,"valueName":"search_term_string"}}],"inLanguage":"fr-FR"},{"@type":"Organization","@id":"https:\/\/paroisse-catho-hausbergen.fr\/home\/#organization","name":"Paroisse Catholique des Hausbergen","url":"https:\/\/paroisse-catho-hausbergen.fr\/home\/","logo":{"@type":"ImageObject","inLanguage":"fr-FR","@id":"https:\/\/paroisse-catho-hausbergen.fr\/home\/#\/schema\/logo\/image\/","url":"https:\/\/paroisse-catho-hausbergen.fr\/wp-content\/uploads\/2021\/09\/cropped-logo.png","contentUrl":"https:\/\/paroisse-catho-hausbergen.fr\/wp-content\/uploads\/2021\/09\/cropped-logo.png","width":512,"height":512,"caption":"Paroisse Catholique des Hausbergen"},"image":{"@id":"https:\/\/paroisse-catho-hausbergen.fr\/home\/#\/schema\/logo\/image\/"}}]}},"_links":{"self":[{"href":"https:\/\/paroisse-catho-hausbergen.fr\/home\/wp-json\/wp\/v2\/pages\/213726","targetHints":{"allow":["GET"]}}],"collection":[{"href":"https:\/\/paroisse-catho-hausbergen.fr\/home\/wp-json\/wp\/v2\/pages"}],"about":[{"href":"https:\/\/paroisse-catho-hausbergen.fr\/home\/wp-json\/wp\/v2\/types\/page"}],"author":[{"embeddable":true,"href":"https:\/\/paroisse-catho-hausbergen.fr\/home\/wp-json\/wp\/v2\/users\/3"}],"replies":[{"embeddable":true,"href":"https:\/\/paroisse-catho-hausbergen.fr\/home\/wp-json\/wp\/v2\/comments?post=213726"}],"version-history":[{"count":0,"href":"https:\/\/paroisse-catho-hausbergen.fr\/home\/wp-json\/wp\/v2\/pages\/213726\/revisions"}],"up":[{"embeddable":true,"href":"https:\/\/paroisse-catho-hausbergen.fr\/home\/wp-json\/wp\/v2\/pages\/7"}],"wp:featuredmedia":[{"embeddable":true,"href":"https:\/\/paroisse-catho-hausbergen.fr\/home\/wp-json\/wp\/v2\/media\/214556"}],"wp:attachment":[{"href":"https:\/\/paroisse-catho-hausbergen.fr\/home\/wp-json\/wp\/v2\/media?parent=213726"}],"curies":[{"name":"wp","href":"https:\/\/api.w.org\/{rel}","templated":true}]}}